{"id":2662,"date":"2019-03-21T17:03:39","date_gmt":"2019-03-21T16:03:39","guid":{"rendered":"https:\/\/www.vitalicucine.it\/azienda\/"},"modified":"2020-06-18T11:10:04","modified_gmt":"2020-06-18T09:10:04","slug":"azienda","status":"publish","type":"page","link":"https:\/\/www.vitalicucine.it\/fr\/azienda\/","title":{"rendered":"Compagnie"},"content":{"rendered":"\n<p>Notre histoire a origine \u00e0 la fin des ann\u00e9es 60, quand un tr\u00e8s jeune VITALI ALFIO commence la production de cuisines compos\u00e9es.<\/p>\n\n\n\n<p>Avec les ann\u00e9es, il se convainc que la cuisine est un \u00e9l\u00e9ment indispensable \u00e0 l\u2019int\u00e9rieur de chaque maison.<\/p>\n\n\n\n<p>A la moiti\u00e9 des ann\u00e9es 70, il focalise de plus en plus son activit\u00e9 sur la recherche et le d\u00e9veloppement de sa production, en faisant toujours attention \u00e0 la qualit\u00e9 des mat\u00e9riaux choisis avec un regard \u00e0 l\u2019esth\u00e9tique et \u00e0 la fonctionnalit\u00e9.<\/p>\n\n\n\n<p>Aujourd\u2019hui l\u2019entreprise est dirig\u00e9e par ses filles qui avec passion poursuivent la tradition de famille, en pr\u00e9servant toutes les caract\u00e9ristiques.<\/p>\n\n\n\n<p>Avec un regard au futur, la production a \u00e9t\u00e9 enrichie avec living pour int\u00e9grer la zone jour et salle de bains aux justes solutions et lignes essentielles.<\/p>\n\n\n\n<p>R\u00e9aliser ce que le client souhaite, cr\u00e9er des \u00e9l\u00e9ments uniques pour satisfaire tous ceux qui ach\u00e8tent le produit VITALI, est notre objectif.<\/p>\n","protected":false},"excerpt":{"rendered":"<p>Notre histoire a origine \u00e0 la fin des ann\u00e9es 60, quand un tr\u00e8s jeune VITALI ALFIO commence la production de cuisines compos\u00e9es. Avec les ann\u00e9es, il se convainc que la cuisine est un \u00e9l\u00e9ment indispensable \u00e0 l\u2019int\u00e9rieur de chaque maison. A la moiti\u00e9 des ann\u00e9es 70, il focalise de plus en plus son activit\u00e9 sur [&hellip;]<\/p>\n","protected":false},"author":1,"featured_media":0,"parent":0,"menu_order":0,"comment_status":"closed","ping_status":"closed","template":"fullwidth.php","meta":{"_acf_changed":false,"footnotes":""},"class_list":["post-2662","page","type-page","status-publish","hentry"],"acf":[],"yoast_head":"<!-- This site is optimized with the Yoast SEO plugin v27.2 - https:\/\/yoast.com\/product\/yoast-seo-wordpress\/ -->\n<title>Compagnie - Vitali Cucine<\/title>\n<meta name=\"robots\" content=\"index, follow, max-snippet:-1, max-image-preview:large, max-video-preview:-1\" \/>\n<link rel=\"canonical\" href=\"https:\/\/www.vitalicucine.it\/fr\/azienda\/\" \/>\n<meta property=\"og:locale\" content=\"fr_FR\" \/>\n<meta property=\"og:type\" content=\"article\" \/>\n<meta property=\"og:title\" content=\"Compagnie - Vitali Cucine\" \/>\n<meta property=\"og:description\" content=\"Notre histoire a origine \u00e0 la fin des ann\u00e9es 60, quand un tr\u00e8s jeune VITALI ALFIO commence la production de cuisines compos\u00e9es. Avec les ann\u00e9es, il se convainc que la cuisine est un \u00e9l\u00e9ment indispensable \u00e0 l\u2019int\u00e9rieur de chaque maison. A la moiti\u00e9 des ann\u00e9es 70, il focalise de plus en plus son activit\u00e9 sur [&hellip;]\" \/>\n<meta property=\"og:url\" content=\"https:\/\/www.vitalicucine.it\/fr\/azienda\/\" \/>\n<meta property=\"og:site_name\" content=\"Vitali Cucine\" \/>\n<meta property=\"article:modified_time\" content=\"2020-06-18T09:10:04+00:00\" \/>\n<meta name=\"twitter:card\" content=\"summary_large_image\" \/>\n<meta name=\"twitter:label1\" content=\"Dur\u00e9e de lecture estim\u00e9e\" \/>\n\t<meta name=\"twitter:data1\" content=\"1 minute\" \/>\n<script type=\"application\/ld+json\" class=\"yoast-schema-graph\">{\"@context\":\"https:\/\/schema.org\",\"@graph\":[{\"@type\":\"WebPage\",\"@id\":\"https:\/\/www.vitalicucine.it\/fr\/azienda\/\",\"url\":\"https:\/\/www.vitalicucine.it\/fr\/azienda\/\",\"name\":\"Compagnie - Vitali Cucine\",\"isPartOf\":{\"@id\":\"https:\/\/www.vitalicucine.it\/fr\/#website\"},\"datePublished\":\"2019-03-21T16:03:39+00:00\",\"dateModified\":\"2020-06-18T09:10:04+00:00\",\"breadcrumb\":{\"@id\":\"https:\/\/www.vitalicucine.it\/fr\/azienda\/#breadcrumb\"},\"inLanguage\":\"fr-FR\",\"potentialAction\":[{\"@type\":\"ReadAction\",\"target\":[\"https:\/\/www.vitalicucine.it\/fr\/azienda\/\"]}]},{\"@type\":\"BreadcrumbList\",\"@id\":\"https:\/\/www.vitalicucine.it\/fr\/azienda\/#breadcrumb\",\"itemListElement\":[{\"@type\":\"ListItem\",\"position\":1,\"name\":\"Home\",\"item\":\"https:\/\/www.vitalicucine.it\/fr\/\"},{\"@type\":\"ListItem\",\"position\":2,\"name\":\"Compagnie\"}]},{\"@type\":\"WebSite\",\"@id\":\"https:\/\/www.vitalicucine.it\/fr\/#website\",\"url\":\"https:\/\/www.vitalicucine.it\/fr\/\",\"name\":\"Vitali Cucine\",\"description\":\"Visita il sito di Nuova Vitali Cucine, le cucine italiane componibili.\",\"potentialAction\":[{\"@type\":\"SearchAction\",\"target\":{\"@type\":\"EntryPoint\",\"urlTemplate\":\"https:\/\/www.vitalicucine.it\/fr\/?s={search_term_string}\"},\"query-input\":{\"@type\":\"PropertyValueSpecification\",\"valueRequired\":true,\"valueName\":\"search_term_string\"}}],\"inLanguage\":\"fr-FR\"}]}<\/script>\n<!-- \/ Yoast SEO plugin. -->","yoast_head_json":{"title":"Compagnie - Vitali Cucine","robots":{"index":"index","follow":"follow","max-snippet":"max-snippet:-1","max-image-preview":"max-image-preview:large","max-video-preview":"max-video-preview:-1"},"canonical":"https:\/\/www.vitalicucine.it\/fr\/azienda\/","og_locale":"fr_FR","og_type":"article","og_title":"Compagnie - Vitali Cucine","og_description":"Notre histoire a origine \u00e0 la fin des ann\u00e9es 60, quand un tr\u00e8s jeune VITALI ALFIO commence la production de cuisines compos\u00e9es. Avec les ann\u00e9es, il se convainc que la cuisine est un \u00e9l\u00e9ment indispensable \u00e0 l\u2019int\u00e9rieur de chaque maison. A la moiti\u00e9 des ann\u00e9es 70, il focalise de plus en plus son activit\u00e9 sur [&hellip;]","og_url":"https:\/\/www.vitalicucine.it\/fr\/azienda\/","og_site_name":"Vitali Cucine","article_modified_time":"2020-06-18T09:10:04+00:00","twitter_card":"summary_large_image","twitter_misc":{"Dur\u00e9e de lecture estim\u00e9e":"1 minute"},"schema":{"@context":"https:\/\/schema.org","@graph":[{"@type":"WebPage","@id":"https:\/\/www.vitalicucine.it\/fr\/azienda\/","url":"https:\/\/www.vitalicucine.it\/fr\/azienda\/","name":"Compagnie - Vitali Cucine","isPartOf":{"@id":"https:\/\/www.vitalicucine.it\/fr\/#website"},"datePublished":"2019-03-21T16:03:39+00:00","dateModified":"2020-06-18T09:10:04+00:00","breadcrumb":{"@id":"https:\/\/www.vitalicucine.it\/fr\/azienda\/#breadcrumb"},"inLanguage":"fr-FR","potentialAction":[{"@type":"ReadAction","target":["https:\/\/www.vitalicucine.it\/fr\/azienda\/"]}]},{"@type":"BreadcrumbList","@id":"https:\/\/www.vitalicucine.it\/fr\/azienda\/#breadcrumb","itemListElement":[{"@type":"ListItem","position":1,"name":"Home","item":"https:\/\/www.vitalicucine.it\/fr\/"},{"@type":"ListItem","position":2,"name":"Compagnie"}]},{"@type":"WebSite","@id":"https:\/\/www.vitalicucine.it\/fr\/#website","url":"https:\/\/www.vitalicucine.it\/fr\/","name":"Vitali Cucine","description":"Visita il sito di Nuova Vitali Cucine, le cucine italiane componibili.","potentialAction":[{"@type":"SearchAction","target":{"@type":"EntryPoint","urlTemplate":"https:\/\/www.vitalicucine.it\/fr\/?s={search_term_string}"},"query-input":{"@type":"PropertyValueSpecification","valueRequired":true,"valueName":"search_term_string"}}],"inLanguage":"fr-FR"}]}},"_links":{"self":[{"href":"https:\/\/www.vitalicucine.it\/fr\/wp-json\/wp\/v2\/pages\/2662","targetHints":{"allow":["GET"]}}],"collection":[{"href":"https:\/\/www.vitalicucine.it\/fr\/wp-json\/wp\/v2\/pages"}],"about":[{"href":"https:\/\/www.vitalicucine.it\/fr\/wp-json\/wp\/v2\/types\/page"}],"author":[{"embeddable":true,"href":"https:\/\/www.vitalicucine.it\/fr\/wp-json\/wp\/v2\/users\/1"}],"replies":[{"embeddable":true,"href":"https:\/\/www.vitalicucine.it\/fr\/wp-json\/wp\/v2\/comments?post=2662"}],"version-history":[{"count":2,"href":"https:\/\/www.vitalicucine.it\/fr\/wp-json\/wp\/v2\/pages\/2662\/revisions"}],"predecessor-version":[{"id":2666,"href":"https:\/\/www.vitalicucine.it\/fr\/wp-json\/wp\/v2\/pages\/2662\/revisions\/2666"}],"wp:attachment":[{"href":"https:\/\/www.vitalicucine.it\/fr\/wp-json\/wp\/v2\/media?parent=2662"}],"curies":[{"name":"wp","href":"https:\/\/api.w.org\/{rel}","templated":true}]}}